{"id":1078,"date":"2026-04-09T10:17:36","date_gmt":"2026-04-09T08:17:36","guid":{"rendered":"https:\/\/menjablancdereus.com\/?page_id=1078"},"modified":"2026-04-20T10:36:01","modified_gmt":"2026-04-20T08:36:01","slug":"menjablanc","status":"publish","type":"page","link":"https:\/\/menjablancdereus.com\/es\/menjablanc\/","title":{"rendered":"Menjablanc"},"content":{"rendered":"<div data-elementor-type=\"wp-page\" data-elementor-id=\"1078\" class=\"elementor elementor-1078\" data-elementor-post-type=\"page\">\n\t\t\t\t<div class=\"elementor-element elementor-element-f8b592c e-flex e-con-boxed e-con e-parent\" data-id=\"f8b592c\" data-element_type=\"container\" data-e-type=\"container\" data-settings=\"{&quot;background_background&quot;:&quot;classic&quot;}\">\n\t\t\t\t\t<div class=\"e-con-inner\">\n\t\t<div class=\"elementor-element elementor-element-e68403d e-con-full e-flex elementor-invisible e-con e-child\" data-id=\"e68403d\" data-element_type=\"container\" data-e-type=\"container\" data-settings=\"{&quot;background_background&quot;:&quot;classic&quot;,&quot;animation&quot;:&quot;fadeInRight&quot;}\">\n\t\t\t\t<div class=\"elementor-element elementor-element-11bdf21 elementor-widget elementor-widget-heading\" data-id=\"11bdf21\" data-element_type=\"widget\" data-e-type=\"widget\" data-widget_type=\"heading.default\">\n\t\t\t\t<div class=\"elementor-widget-container\">\n\t\t\t\t\t<h1 class=\"elementor-heading-title elementor-size-default\">Menjablanc<\/h1>\t\t\t\t<\/div>\n\t\t\t\t<\/div>\n\t\t\t\t<div class=\"elementor-element elementor-element-7a7d161 elementor-icon-list--layout-inline elementor-list-item-link-full_width elementor-widget elementor-widget-icon-list\" data-id=\"7a7d161\" data-element_type=\"widget\" data-e-type=\"widget\" data-widget_type=\"icon-list.default\">\n\t\t\t\t<div class=\"elementor-widget-container\">\n\t\t\t\t\t\t\t<ul class=\"elementor-icon-list-items elementor-inline-items\">\n\t\t\t\t\t\t\t<li class=\"elementor-icon-list-item elementor-inline-item\">\n\t\t\t\t\t\t\t\t\t\t\t<a href=\"https:\/\/menjablancdereus.com\/es\/\">\n\n\t\t\t\t\t\t\t\t\t\t\t<span class=\"elementor-icon-list-text\">Inicio<\/span>\n\t\t\t\t\t\t\t\t\t\t\t<\/a>\n\t\t\t\t\t\t\t\t\t<\/li>\n\t\t\t\t\t\t\t\t<li class=\"elementor-icon-list-item elementor-inline-item\">\n\t\t\t\t\t\t\t\t\t\t\t<a href=\"https:\/\/menjablancdereus.com\/es\/menjablanc\/\">\n\n\t\t\t\t\t\t\t\t\t\t\t\t<span class=\"elementor-icon-list-icon\">\n\t\t\t\t\t\t\t<i aria-hidden=\"true\" class=\"material-icons md-keyboard_double_arrow_right\" data-md-icon=\"keyboard_double_arrow_right\"><\/i>\t\t\t\t\t\t<\/span>\n\t\t\t\t\t\t\t\t\t\t<span class=\"elementor-icon-list-text\">Menjablanc<\/span>\n\t\t\t\t\t\t\t\t\t\t\t<\/a>\n\t\t\t\t\t\t\t\t\t<\/li>\n\t\t\t\t\t\t<\/ul>\n\t\t\t\t\t\t<\/div>\n\t\t\t\t<\/div>\n\t\t\t\t<\/div>\n\t\t\t\t\t<\/div>\n\t\t\t\t<\/div>\n\t\t<div class=\"elementor-element elementor-element-52cab05 e-flex e-con-boxed e-con e-parent\" data-id=\"52cab05\" data-element_type=\"container\" data-e-type=\"container\">\n\t\t\t\t\t<div class=\"e-con-inner\">\n\t\t<div class=\"elementor-element elementor-element-eef02fb e-con-full e-flex e-con e-child\" data-id=\"eef02fb\" data-element_type=\"container\" data-e-type=\"container\">\n\t\t\t\t<div class=\"elementor-element elementor-element-2924632 elementor-invisible elementor-widget elementor-widget-image\" data-id=\"2924632\" data-element_type=\"widget\" data-e-type=\"widget\" data-settings=\"{&quot;_animation&quot;:&quot;zoomIn&quot;}\" data-widget_type=\"image.default\">\n\t\t\t\t<div class=\"elementor-widget-container\">\n\t\t\t\t\t\t\t\t\t\t\t\t\t\t\t<img fetchpriority=\"high\" decoding=\"async\" width=\"1200\" height=\"750\" src=\"https:\/\/menjablancdereus.com\/wp-content\/uploads\/2026\/04\/Menjablanc-de-Reus-2.png\" class=\"attachment-full size-full wp-image-1064\" alt=\"Detall de les ametlles i sucre utilitzats en el Menjablanc de Reus\" srcset=\"https:\/\/menjablancdereus.com\/wp-content\/uploads\/2026\/04\/Menjablanc-de-Reus-2.png 1200w, https:\/\/menjablancdereus.com\/wp-content\/uploads\/2026\/04\/Menjablanc-de-Reus-2-300x188.png 300w, https:\/\/menjablancdereus.com\/wp-content\/uploads\/2026\/04\/Menjablanc-de-Reus-2-1024x640.png 1024w, https:\/\/menjablancdereus.com\/wp-content\/uploads\/2026\/04\/Menjablanc-de-Reus-2-768x480.png 768w, https:\/\/menjablancdereus.com\/wp-content\/uploads\/2026\/04\/Menjablanc-de-Reus-2-18x12.png 18w, https:\/\/menjablancdereus.com\/wp-content\/uploads\/2026\/04\/Menjablanc-de-Reus-2-600x375.png 600w\" sizes=\"(max-width: 1200px) 100vw, 1200px\" \/>\t\t\t\t\t\t\t\t\t\t\t\t\t\t\t<\/div>\n\t\t\t\t<\/div>\n\t\t\t\t<\/div>\n\t\t<div class=\"elementor-element elementor-element-a3a142c e-con-full e-flex elementor-invisible e-con e-child\" data-id=\"a3a142c\" data-element_type=\"container\" data-e-type=\"container\" data-settings=\"{&quot;animation&quot;:&quot;fadeInRight&quot;}\">\n\t\t\t\t<div class=\"elementor-element elementor-element-5de761a elementor-widget elementor-widget-heading\" data-id=\"5de761a\" data-element_type=\"widget\" data-e-type=\"widget\" data-widget_type=\"heading.default\">\n\t\t\t\t<div class=\"elementor-widget-container\">\n\t\t\t\t\t<h2 class=\"elementor-heading-title elementor-size-default\">Menjablanc: experi\u00e8ncia gastron\u00f2mica i identitat a Reus<\/h2>\t\t\t\t<\/div>\n\t\t\t\t<\/div>\n\t\t\t\t<div class=\"elementor-element elementor-element-c81d8c6 elementor-widget elementor-widget-text-editor\" data-id=\"c81d8c6\" data-element_type=\"widget\" data-e-type=\"widget\" data-widget_type=\"text-editor.default\">\n\t\t\t\t<div class=\"elementor-widget-container\">\n\t\t\t\t\t\t\t\t\t<div id=\"bannerR\"><div id=\"bannerR\"><p data-start=\"281\" data-end=\"606\">El <strong data-start=\"284\" data-end=\"306\">Menjablanc de Reus<\/strong> es uno de los postres m\u00e1s representativos de la reposter\u00eda tradicional catalana, con una historia que se extiende durante siglos. Su elaboraci\u00f3n, basada en sencillos ingredientes como almendras, az\u00facar y canela, se ha mantenido viva gracias a la transmisi\u00f3n generacional de recetas y t\u00e9cnicas artesanales.<\/p><p data-start=\"608\" data-end=\"934\">En Comeblanc de Reus trabajamos para preservar esta tradici\u00f3n gastron\u00f3mica, ofreciendo un producto que respeta la receta original y, al mismo tiempo, se adapta a los est\u00e1ndares actuales de calidad. El <strong data-start=\"805\" data-end=\"827\">Menjablanc de Reus<\/strong> no es s\u00f3lo un postre, sino una expresi\u00f3n cultural que forma parte de la identidad culinaria de la regi\u00f3n.<\/p><\/div><\/div>\t\t\t\t\t\t\t\t<\/div>\n\t\t\t\t<\/div>\n\t\t\t\t<\/div>\n\t\t\t\t\t<\/div>\n\t\t\t\t<\/div>\n\t\t<div class=\"elementor-element elementor-element-3fd1b0d e-flex e-con-boxed e-con e-parent\" data-id=\"3fd1b0d\" data-element_type=\"container\" data-e-type=\"container\">\n\t\t\t\t\t<div class=\"e-con-inner\">\n\t\t<div class=\"elementor-element elementor-element-268b2ae e-con-full e-flex e-con e-child\" data-id=\"268b2ae\" data-element_type=\"container\" data-e-type=\"container\">\n\t\t\t\t<div class=\"elementor-element elementor-element-b6e0439 elementor-invisible elementor-widget elementor-widget-image\" data-id=\"b6e0439\" data-element_type=\"widget\" data-e-type=\"widget\" data-settings=\"{&quot;_animation&quot;:&quot;zoomIn&quot;}\" data-widget_type=\"image.default\">\n\t\t\t\t<div class=\"elementor-widget-container\">\n\t\t\t\t\t\t\t\t\t\t\t\t\t\t\t<img decoding=\"async\" width=\"1200\" height=\"750\" src=\"https:\/\/menjablancdereus.com\/wp-content\/uploads\/2026\/04\/Menjablanc-de-Reus-3.png\" class=\"attachment-full size-full wp-image-1065\" alt=\"Talla de Menjablanc de Reus mostrant la seva textura suau i cremosa\" srcset=\"https:\/\/menjablancdereus.com\/wp-content\/uploads\/2026\/04\/Menjablanc-de-Reus-3.png 1200w, https:\/\/menjablancdereus.com\/wp-content\/uploads\/2026\/04\/Menjablanc-de-Reus-3-300x188.png 300w, https:\/\/menjablancdereus.com\/wp-content\/uploads\/2026\/04\/Menjablanc-de-Reus-3-1024x640.png 1024w, https:\/\/menjablancdereus.com\/wp-content\/uploads\/2026\/04\/Menjablanc-de-Reus-3-768x480.png 768w, https:\/\/menjablancdereus.com\/wp-content\/uploads\/2026\/04\/Menjablanc-de-Reus-3-18x12.png 18w, https:\/\/menjablancdereus.com\/wp-content\/uploads\/2026\/04\/Menjablanc-de-Reus-3-600x375.png 600w\" sizes=\"(max-width: 1200px) 100vw, 1200px\" \/>\t\t\t\t\t\t\t\t\t\t\t\t\t\t\t<\/div>\n\t\t\t\t<\/div>\n\t\t\t\t<\/div>\n\t\t<div class=\"elementor-element elementor-element-bfe42da e-con-full e-flex elementor-invisible e-con e-child\" data-id=\"bfe42da\" data-element_type=\"container\" data-e-type=\"container\" data-settings=\"{&quot;animation&quot;:&quot;fadeInRight&quot;}\">\n\t\t\t\t<div class=\"elementor-element elementor-element-97d88ee elementor-widget elementor-widget-heading\" data-id=\"97d88ee\" data-element_type=\"widget\" data-e-type=\"widget\" data-widget_type=\"heading.default\">\n\t\t\t\t<div class=\"elementor-widget-container\">\n\t\t\t\t\t<h2 class=\"elementor-heading-title elementor-size-default\">Menjablanc: tradici\u00f3 culin\u00e0ria i producte de proximitat<\/h2>\t\t\t\t<\/div>\n\t\t\t\t<\/div>\n\t\t\t\t<div class=\"elementor-element elementor-element-140ddf6 elementor-widget elementor-widget-text-editor\" data-id=\"140ddf6\" data-element_type=\"widget\" data-e-type=\"widget\" data-widget_type=\"text-editor.default\">\n\t\t\t\t<div class=\"elementor-widget-container\">\n\t\t\t\t\t\t\t\t\t<div id=\"bannerR\"><p data-start=\"846\" data-end=\"1180\">A <strong data-start=\"848\" data-end=\"862\">Menjablanc<\/strong>, la cuina \u00e9s un homenatge a la tradici\u00f3 gastron\u00f2mica catalana. La nostra proposta es basa en recuperar sabors aut\u00e8ntics i reinterpretar-los amb t\u00e8cniques actuals que respecten l\u2019ess\u00e8ncia original de cada recepta. Apostem per prove\u00efdors locals i productes de temporada, garantint frescor i qualitat en cada elaboraci\u00f3.<\/p><p data-start=\"1182\" data-end=\"1546\">Cada plat est\u00e0 pensat per transmetre identitat i coher\u00e8ncia, mantenint viva la connexi\u00f3 amb el territori. Aquesta filosofia ens permet oferir una experi\u00e8ncia gastron\u00f2mica equilibrada, on la tradici\u00f3 i la innovaci\u00f3 conviuen de manera natural. Aix\u00ed, <strong data-start=\"1430\" data-end=\"1444\">Menjablanc<\/strong> no \u00e9s nom\u00e9s un espai gastron\u00f2mic, sin\u00f3 tamb\u00e9 una manera d\u2019entendre la cuina com a patrimoni cultural.<\/p><\/div>\t\t\t\t\t\t\t\t<\/div>\n\t\t\t\t<\/div>\n\t\t\t\t<\/div>\n\t\t\t\t\t<\/div>\n\t\t\t\t<\/div>\n\t\t<div class=\"elementor-element elementor-element-14575b4 e-flex e-con-boxed e-con e-parent\" data-id=\"14575b4\" data-element_type=\"container\" data-e-type=\"container\">\n\t\t\t\t\t<div class=\"e-con-inner\">\n\t\t<div class=\"elementor-element elementor-element-4b147e1 e-con-full e-flex e-con e-child\" data-id=\"4b147e1\" data-element_type=\"container\" data-e-type=\"container\">\n\t\t\t\t<div class=\"elementor-element elementor-element-bbf2d10 elementor-invisible elementor-widget elementor-widget-image\" data-id=\"bbf2d10\" data-element_type=\"widget\" data-e-type=\"widget\" data-settings=\"{&quot;_animation&quot;:&quot;zoomIn&quot;}\" data-widget_type=\"image.default\">\n\t\t\t\t<div class=\"elementor-widget-container\">\n\t\t\t\t\t\t\t\t\t\t\t\t\t\t\t<img decoding=\"async\" width=\"1200\" height=\"750\" src=\"https:\/\/menjablancdereus.com\/wp-content\/uploads\/2026\/04\/Menjablanc-de-Reus-4.png\" class=\"attachment-full size-full wp-image-1066\" alt=\"Presentaci\u00f3 elegant del Menjablanc de Reus per a servei en restaurant\" srcset=\"https:\/\/menjablancdereus.com\/wp-content\/uploads\/2026\/04\/Menjablanc-de-Reus-4.png 1200w, https:\/\/menjablancdereus.com\/wp-content\/uploads\/2026\/04\/Menjablanc-de-Reus-4-300x188.png 300w, https:\/\/menjablancdereus.com\/wp-content\/uploads\/2026\/04\/Menjablanc-de-Reus-4-1024x640.png 1024w, https:\/\/menjablancdereus.com\/wp-content\/uploads\/2026\/04\/Menjablanc-de-Reus-4-768x480.png 768w, https:\/\/menjablancdereus.com\/wp-content\/uploads\/2026\/04\/Menjablanc-de-Reus-4-18x12.png 18w, https:\/\/menjablancdereus.com\/wp-content\/uploads\/2026\/04\/Menjablanc-de-Reus-4-600x375.png 600w\" sizes=\"(max-width: 1200px) 100vw, 1200px\" \/>\t\t\t\t\t\t\t\t\t\t\t\t\t\t\t<\/div>\n\t\t\t\t<\/div>\n\t\t\t\t<\/div>\n\t\t<div class=\"elementor-element elementor-element-3dfd4a5 e-con-full e-flex elementor-invisible e-con e-child\" data-id=\"3dfd4a5\" data-element_type=\"container\" data-e-type=\"container\" data-settings=\"{&quot;animation&quot;:&quot;fadeInRight&quot;}\">\n\t\t\t\t<div class=\"elementor-element elementor-element-bf9a4c7 elementor-widget elementor-widget-heading\" data-id=\"bf9a4c7\" data-element_type=\"widget\" data-e-type=\"widget\" data-widget_type=\"heading.default\">\n\t\t\t\t<div class=\"elementor-widget-container\">\n\t\t\t\t\t<h2 class=\"elementor-heading-title elementor-size-default\">Menjablanc: espai corporatiu per a esdeveniments i reunions<\/h2>\t\t\t\t<\/div>\n\t\t\t\t<\/div>\n\t\t\t\t<div class=\"elementor-element elementor-element-eb72b61 elementor-widget elementor-widget-text-editor\" data-id=\"eb72b61\" data-element_type=\"widget\" data-e-type=\"widget\" data-widget_type=\"text-editor.default\">\n\t\t\t\t<div class=\"elementor-widget-container\">\n\t\t\t\t\t\t\t\t\t<div id=\"bannerR\"><p data-start=\"1621\" data-end=\"1903\">El nostre espai est\u00e0 dissenyat per adaptar-se a diferents tipus d\u2019esdeveniments professionals. Des de reunions d\u2019empresa fins a celebracions privades, oferim un entorn elegant, funcional i vers\u00e0til. Cuidem cada detall perqu\u00e8 cada esdeveniment transmeti professionalitat i comoditat.<\/p><p data-start=\"1905\" data-end=\"2238\">A <strong data-start=\"1907\" data-end=\"1921\">Menjablanc<\/strong>, entenem la import\u00e0ncia de la imatge i l\u2019experi\u00e8ncia en l\u2019\u00e0mbit corporatiu. Per aix\u00f2, oferim men\u00fas personalitzats, atenci\u00f3 especialitzada i un servei adaptat a les necessitats de cada client. L\u2019objectiu \u00e9s convertir qualsevol trobada en una experi\u00e8ncia fluida i d\u2019alt nivell, on la gastronomia sigui un valor afegit.<\/p><\/div>\t\t\t\t\t\t\t\t<\/div>\n\t\t\t\t<\/div>\n\t\t\t\t<\/div>\n\t\t\t\t\t<\/div>\n\t\t\t\t<\/div>\n\t\t<div class=\"elementor-element elementor-element-b75f200 e-flex e-con-boxed e-con e-parent\" data-id=\"b75f200\" data-element_type=\"container\" data-e-type=\"container\">\n\t\t\t\t\t<div class=\"e-con-inner\">\n\t\t<div class=\"elementor-element elementor-element-9efb51d e-con-full e-flex elementor-invisible e-con e-child\" data-id=\"9efb51d\" data-element_type=\"container\" data-e-type=\"container\" data-settings=\"{&quot;background_background&quot;:&quot;classic&quot;,&quot;animation&quot;:&quot;fadeInLeft&quot;}\">\n\t\t\t\t<div class=\"elementor-element elementor-element-3003bee elementor-widget elementor-widget-heading\" data-id=\"3003bee\" data-element_type=\"widget\" data-e-type=\"widget\" data-widget_type=\"heading.default\">\n\t\t\t\t<div class=\"elementor-widget-container\">\n\t\t\t\t\t<div class=\"elementor-heading-title elementor-size-default\">Menjablanc<\/div>\t\t\t\t<\/div>\n\t\t\t\t<\/div>\n\t\t\t\t<div class=\"elementor-element elementor-element-95add23 elementor-widget elementor-widget-heading\" data-id=\"95add23\" data-element_type=\"widget\" data-e-type=\"widget\" data-widget_type=\"heading.default\">\n\t\t\t\t<div class=\"elementor-widget-container\">\n\t\t\t\t\t<h2 class=\"elementor-heading-title elementor-size-default\">Contacta con nosotros\n<\/h2>\t\t\t\t<\/div>\n\t\t\t\t<\/div>\n\t\t\t\t<div class=\"elementor-element elementor-element-528ba1d elementor-widget elementor-widget-text-editor\" data-id=\"528ba1d\" data-element_type=\"widget\" data-e-type=\"widget\" data-widget_type=\"text-editor.default\">\n\t\t\t\t<div class=\"elementor-widget-container\">\n\t\t\t\t\t\t\t\t\t<p><span style=\"font-weight: 400;\">Si tienes cualquier duda sobre nuestros productos, quieres informaci\u00f3n sobre c\u00f3mo preparar el <\/span><b>Menjablanc de Reus<\/b><span style=\"font-weight: 400;\">, o simplemente quieres hacernos llegar tu opini\u00f3n, <\/span><b>estaremos encantados de atenderte<\/b><span style=\"font-weight: 400;\">.<\/span><\/p>\t\t\t\t\t\t\t\t<\/div>\n\t\t\t\t<\/div>\n\t\t\t\t<div class=\"elementor-element elementor-element-df4f467 elementor-view-stacked elementor-position-inline-start elementor-mobile-position-inline-start elementor-shape-circle elementor-widget elementor-widget-icon-box\" data-id=\"df4f467\" data-element_type=\"widget\" data-e-type=\"widget\" data-widget_type=\"icon-box.default\">\n\t\t\t\t<div class=\"elementor-widget-container\">\n\t\t\t\t\t\t\t<div class=\"elementor-icon-box-wrapper\">\n\n\t\t\t\t\t\t<div class=\"elementor-icon-box-icon\">\n\t\t\t\t<a href=\"https:\/\/www.google.com\/maps\/search\/?api=1&#038;query=Carrer%20del%20Doctor%20Robert,%2028%20Reus%20Tarragona%2043204\" target=\"_blank\" aria-label=\"direcci\u00f3n\" class=\"elementor-icon\" tabindex=\"-1\">\n\t\t\t\t<i aria-hidden=\"true\" class=\"icon icon-map-marker1\"><\/i>\t\t\t\t<\/a>\n\t\t\t<\/div>\n\t\t\t\n\t\t\t\t\t\t<div class=\"elementor-icon-box-content\">\n\n\t\t\t\t\t\t\t\t\t<div class=\"elementor-icon-box-title\">\n\t\t\t\t\t\t<a href=\"https:\/\/www.google.com\/maps\/search\/?api=1&#038;query=Carrer%20del%20Doctor%20Robert,%2028%20Reus%20Tarragona%2043204\" target=\"_blank\" aria-label=\"direcci\u00f3n\" >\n\t\t\t\t\t\t\tDirecci\u00f3n\t\t\t\t\t\t<\/a>\n\t\t\t\t\t<\/div>\n\t\t\t\t\n\t\t\t\t\t\t\t\t\t<p class=\"elementor-icon-box-description\">\n\t\t\t\t\t\tCalle Doctor Robert, 28 Reus Tarragona 43204\t\t\t\t\t<\/p>\n\t\t\t\t\n\t\t\t<\/div>\n\t\t\t\n\t\t<\/div>\n\t\t\t\t\t\t<\/div>\n\t\t\t\t<\/div>\n\t\t\t\t<div class=\"elementor-element elementor-element-fcf94b9 elementor-view-stacked elementor-position-inline-start elementor-mobile-position-inline-start elementor-shape-circle elementor-widget elementor-widget-icon-box\" data-id=\"fcf94b9\" data-element_type=\"widget\" data-e-type=\"widget\" data-widget_type=\"icon-box.default\">\n\t\t\t\t<div class=\"elementor-widget-container\">\n\t\t\t\t\t\t\t<div class=\"elementor-icon-box-wrapper\">\n\n\t\t\t\t\t\t<div class=\"elementor-icon-box-icon\">\n\t\t\t\t<a href=\"mailto:info@menjablancdereus.cat\" target=\"_blank\" aria-label=\"email\" class=\"elementor-icon\" tabindex=\"-1\">\n\t\t\t\t<i aria-hidden=\"true\" class=\"icon icon-envelope1\"><\/i>\t\t\t\t<\/a>\n\t\t\t<\/div>\n\t\t\t\n\t\t\t\t\t\t<div class=\"elementor-icon-box-content\">\n\n\t\t\t\t\t\t\t\t\t<div class=\"elementor-icon-box-title\">\n\t\t\t\t\t\t<a href=\"mailto:info@menjablancdereus.cat\" target=\"_blank\" aria-label=\"email\" >\n\t\t\t\t\t\t\tEmail\t\t\t\t\t\t<\/a>\n\t\t\t\t\t<\/div>\n\t\t\t\t\n\t\t\t\t\t\t\t\t\t<p class=\"elementor-icon-box-description\">\n\t\t\t\t\t\tinfo@menjablancdereus.cat\t\t\t\t\t<\/p>\n\t\t\t\t\n\t\t\t<\/div>\n\t\t\t\n\t\t<\/div>\n\t\t\t\t\t\t<\/div>\n\t\t\t\t<\/div>\n\t\t\t\t<div class=\"elementor-element elementor-element-79ec254 elementor-view-stacked elementor-position-inline-start elementor-mobile-position-inline-start elementor-shape-circle elementor-widget elementor-widget-icon-box\" data-id=\"79ec254\" data-element_type=\"widget\" data-e-type=\"widget\" data-widget_type=\"icon-box.default\">\n\t\t\t\t<div class=\"elementor-widget-container\">\n\t\t\t\t\t\t\t<div class=\"elementor-icon-box-wrapper\">\n\n\t\t\t\t\t\t<div class=\"elementor-icon-box-icon\">\n\t\t\t\t<a href=\"tel:+34%20977%20342%20670\" target=\"_blank\" aria-label=\"telefono\" class=\"elementor-icon\" tabindex=\"-1\">\n\t\t\t\t<i aria-hidden=\"true\" class=\"icon icon-phone1\"><\/i>\t\t\t\t<\/a>\n\t\t\t<\/div>\n\t\t\t\n\t\t\t\t\t\t<div class=\"elementor-icon-box-content\">\n\n\t\t\t\t\t\t\t\t\t<div class=\"elementor-icon-box-title\">\n\t\t\t\t\t\t<a href=\"tel:+34%20977%20342%20670\" target=\"_blank\" aria-label=\"telefono\" >\n\t\t\t\t\t\t\tTel\u00e9fono\t\t\t\t\t\t<\/a>\n\t\t\t\t\t<\/div>\n\t\t\t\t\n\t\t\t\t\t\t\t\t\t<p class=\"elementor-icon-box-description\">\n\t\t\t\t\t\t+34 977 342 670\t\t\t\t\t<\/p>\n\t\t\t\t\n\t\t\t<\/div>\n\t\t\t\n\t\t<\/div>\n\t\t\t\t\t\t<\/div>\n\t\t\t\t<\/div>\n\t\t\t\t<\/div>\n\t\t<div class=\"elementor-element elementor-element-bfd90c8 e-con-full e-flex elementor-invisible e-con e-child\" data-id=\"bfd90c8\" data-element_type=\"container\" data-e-type=\"container\" data-settings=\"{&quot;animation&quot;:&quot;fadeInLeft&quot;,&quot;background_background&quot;:&quot;classic&quot;}\">\n\t\t\t\t<div class=\"elementor-element elementor-element-4f7f83e elementor-widget elementor-widget-heading\" data-id=\"4f7f83e\" data-element_type=\"widget\" data-e-type=\"widget\" data-widget_type=\"heading.default\">\n\t\t\t\t<div class=\"elementor-widget-container\">\n\t\t\t\t\t<h3 class=\"elementor-heading-title elementor-size-default\">Env\u00edanos un mensaje<\/h3>\t\t\t\t<\/div>\n\t\t\t\t<\/div>\n\t\t\t\t<div class=\"elementor-element elementor-element-d0d3f37 elementor-widget elementor-widget-elementskit-contact-form7\" data-id=\"d0d3f37\" data-element_type=\"widget\" data-e-type=\"widget\" data-widget_type=\"elementskit-contact-form7.default\">\n\t\t\t\t<div class=\"elementor-widget-container\">\n\t\t\t\t\t<div class=\"ekit-wid-con\" ><div class=\"ekit-form\">\n<div class=\"wpcf7 no-js\" id=\"wpcf7-f45-p1078-o1\" lang=\"es-ES\" dir=\"ltr\" data-wpcf7-id=\"45\">\n<div class=\"screen-reader-response\"><p role=\"status\" aria-live=\"polite\" aria-atomic=\"true\"><\/p> <ul><\/ul><\/div>\n<form action=\"\/es\/menjablanc\/#wpcf7-f45-p1078-o1\" method=\"post\" class=\"wpcf7-form init wpcf7-acceptance-as-validation\" aria-label=\"Formulario de contacto\" novalidate=\"novalidate\" data-status=\"init\" data-no-translation-aria-label=\"\" data-trp-original-action=\"\/es\/menjablanc\/#wpcf7-f45-p1078-o1\">\n<fieldset class=\"hidden-fields-container\"><input type=\"hidden\" name=\"_wpcf7\" value=\"45\" \/><input type=\"hidden\" name=\"_wpcf7_version\" value=\"6.1.5\" \/><input type=\"hidden\" name=\"_wpcf7_locale\" value=\"es_ES\" \/><input type=\"hidden\" name=\"_wpcf7_unit_tag\" value=\"wpcf7-f45-p1078-o1\" \/><input type=\"hidden\" name=\"_wpcf7_container_post\" value=\"1078\" \/><input type=\"hidden\" name=\"_wpcf7_posted_data_hash\" value=\"\" \/><input type=\"hidden\" name=\"_wpcf7_recaptcha_response\" value=\"\" \/>\n<\/fieldset>\n<div class=\"form-row\">\n\t<div class=\"form-column\">\n\t\t<p><label for=\"nombre\">Nombre *<\/label><br \/>\n<span class=\"wpcf7-form-control-wrap\" data-name=\"nombre\"><input size=\"40\" maxlength=\"400\" class=\"wpcf7-form-control wpcf7-text wpcf7-validates-as-required\" id=\"nombre\" aria-required=\"true\" aria-invalid=\"false\" placeholder=\"Ej: Joan Garcia\" value=\"\" type=\"text\" name=\"nombre\" \/><\/span>\n\t\t<\/p>\n\t<\/div>\n\t<div class=\"form-column\">\n\t\t<p><label for=\"telefono\">Tel\u00e9fono *<\/label><br \/>\n<span class=\"wpcf7-form-control-wrap\" data-name=\"telefono\"><input size=\"40\" maxlength=\"400\" class=\"wpcf7-form-control wpcf7-tel wpcf7-validates-as-required wpcf7-text wpcf7-validates-as-tel\" id=\"telefono\" aria-required=\"true\" aria-invalid=\"false\" placeholder=\"Ej: 666 777 888\" value=\"\" type=\"tel\" name=\"telefono\" \/><\/span>\n\t\t<\/p>\n\t<\/div>\n<\/div>\n<div class=\"form-row\">\n\t<div class=\"form-column\">\n\t\t<p><label for=\"email\">Correo electr\u00f3nico *<\/label><br \/>\n<span class=\"wpcf7-form-control-wrap\" data-name=\"email\"><input size=\"40\" maxlength=\"400\" class=\"wpcf7-form-control wpcf7-email wpcf7-validates-as-required wpcf7-text wpcf7-validates-as-email\" id=\"email\" aria-required=\"true\" aria-invalid=\"false\" placeholder=\"Ej: info@domini.com\" value=\"\" type=\"email\" name=\"email\" \/><\/span>\n\t\t<\/p>\n\t<\/div>\n\t<div class=\"form-column\">\n\t\t<p><label for=\"asunto\">Asunto *<\/label><br \/>\n<span class=\"wpcf7-form-control-wrap\" data-name=\"asunto\"><input size=\"40\" maxlength=\"400\" class=\"wpcf7-form-control wpcf7-text wpcf7-validates-as-required\" id=\"asunto\" aria-required=\"true\" aria-invalid=\"false\" placeholder=\"Motivo de la consulta\" value=\"\" type=\"text\" name=\"asunto\" \/><\/span>\n\t\t<\/p>\n\t<\/div>\n<\/div>\n<div class=\"form-row-full\">\n\t<p><label for=\"mensaje\">Mensaje *<\/label><br \/>\n<span class=\"wpcf7-form-control-wrap\" data-name=\"mensaje\"><textarea cols=\"40\" rows=\"10\" maxlength=\"2000\" class=\"wpcf7-form-control wpcf7-textarea wpcf7-validates-as-required\" id=\"mensaje\" aria-required=\"true\" aria-invalid=\"false\" placeholder=\"Escribe aqu\u00ed tu mensaje...\" name=\"mensaje\"><\/textarea><\/span>\n\t<\/p>\n<\/div>\n<div class=\"form-acceptance\">\n\t<p><span class=\"wpcf7-form-control-wrap\" data-name=\"politica\"><span class=\"wpcf7-form-control wpcf7-acceptance\"><span class=\"wpcf7-list-item\"><label><input type=\"checkbox\" name=\"politica\" value=\"1\" aria-invalid=\"false\" \/><span class=\"wpcf7-list-item-label\"><span class=\"txt-acepto\">He le\u00eddo y acepto la  <\/span>\n    <a class=\"pp\" href=\"\/es\/politica-de-privacitat\/\">Pol\u00edtica de Privacidad <\/a><\/span><\/label><\/span><\/span><\/span>\n\t<\/p>\n<\/div>\n<p><input class=\"wpcf7-form-control wpcf7-submit has-spinner\" type=\"submit\" value=\"Enviar mensaje\" \/>\n<\/p><div class=\"wpcf7-response-output\" aria-hidden=\"true\"><\/div>\n<input type=\"hidden\" name=\"trp-form-language\" value=\"es\"\/><\/form>\n<\/div>\n<\/div><\/div>\t\t\t\t<\/div>\n\t\t\t\t<\/div>\n\t\t\t\t<\/div>\n\t\t\t\t\t<\/div>\n\t\t\t\t<\/div>\n\t\t\t\t<\/div>","protected":false},"excerpt":{"rendered":"<p>Inici Menjablanc: experi\u00e8ncia gastron\u00f2mica i identitat a Reus El Menjablanc de Reus \u00e9s un dels postres m\u00e9s representatius de la rebosteria tradicional catalana, amb una hist\u00f2ria que s\u2019est\u00e9n durant segles. La seva elaboraci\u00f3, basada en ingredients senzills com ametlles, sucre i canyella, s\u2019ha mantingut viva gr\u00e0cies a la transmissi\u00f3 generacional de receptes i t\u00e8cniques artesanals. [&hellip;]<\/p>\n","protected":false},"author":1,"featured_media":0,"parent":0,"menu_order":0,"comment_status":"closed","ping_status":"closed","template":"","meta":{"footnotes":""},"class_list":["post-1078","page","type-page","status-publish","hentry"],"yoast_head":"<!-- This site is optimized with the Yoast SEO plugin v27.1.1 - https:\/\/yoast.com\/product\/yoast-seo-wordpress\/ -->\n<title>Menjablanc - El Menjablanc de Reus<\/title>\n<meta name=\"description\" content=\"Descobreix Menjablanc: cuina tradicional catalana, esdeveniments corporatius i experi\u00e8ncies gastron\u00f2miques amb productes locals de qualitat.\" \/>\n<meta name=\"robots\" content=\"index, follow, max-snippet:-1, max-image-preview:large, max-video-preview:-1\" \/>\n<link rel=\"canonical\" href=\"https:\/\/menjablancdereus.com\/es\/menjablanc\/\" \/>\n<meta property=\"og:locale\" content=\"es_ES\" \/>\n<meta property=\"og:type\" content=\"article\" \/>\n<meta property=\"og:title\" content=\"Menjablanc - El Menjablanc de Reus\" \/>\n<meta property=\"og:description\" content=\"Descobreix Menjablanc: cuina tradicional catalana, esdeveniments corporatius i experi\u00e8ncies gastron\u00f2miques amb productes locals de qualitat.\" \/>\n<meta property=\"og:url\" content=\"https:\/\/menjablancdereus.com\/es\/menjablanc\/\" \/>\n<meta property=\"og:site_name\" content=\"El Menjablanc de Reus\" \/>\n<meta property=\"article:modified_time\" content=\"2026-04-20T08:36:01+00:00\" \/>\n<meta property=\"og:image\" content=\"https:\/\/menjablancdereus.com\/wp-content\/uploads\/2026\/04\/Menjablanc-de-Reus-2.png\" \/>\n\t<meta property=\"og:image:width\" content=\"1200\" \/>\n\t<meta property=\"og:image:height\" content=\"750\" \/>\n\t<meta property=\"og:image:type\" content=\"image\/png\" \/>\n<meta name=\"twitter:card\" content=\"summary_large_image\" \/>\n<meta name=\"twitter:label1\" content=\"Tiempo de lectura\" \/>\n\t<meta name=\"twitter:data1\" content=\"3 minutos\" \/>\n<script type=\"application\/ld+json\" class=\"yoast-schema-graph\">{\"@context\":\"https:\/\/schema.org\",\"@graph\":[{\"@type\":\"WebPage\",\"@id\":\"https:\/\/menjablancdereus.com\/menjablanc\/\",\"url\":\"https:\/\/menjablancdereus.com\/menjablanc\/\",\"name\":\"Menjablanc - El Menjablanc de Reus\",\"isPartOf\":{\"@id\":\"https:\/\/menjablancdereus.com\/#website\"},\"primaryImageOfPage\":{\"@id\":\"https:\/\/menjablancdereus.com\/menjablanc\/#primaryimage\"},\"image\":{\"@id\":\"https:\/\/menjablancdereus.com\/menjablanc\/#primaryimage\"},\"thumbnailUrl\":\"https:\/\/menjablancdereus.com\/wp-content\/uploads\/2026\/04\/Menjablanc-de-Reus-2.png\",\"datePublished\":\"2026-04-09T08:17:36+00:00\",\"dateModified\":\"2026-04-20T08:36:01+00:00\",\"description\":\"Descobreix Menjablanc: cuina tradicional catalana, esdeveniments corporatius i experi\u00e8ncies gastron\u00f2miques amb productes locals de qualitat.\",\"breadcrumb\":{\"@id\":\"https:\/\/menjablancdereus.com\/menjablanc\/#breadcrumb\"},\"inLanguage\":\"es\",\"potentialAction\":[{\"@type\":\"ReadAction\",\"target\":[\"https:\/\/menjablancdereus.com\/menjablanc\/\"]}]},{\"@type\":\"ImageObject\",\"inLanguage\":\"es\",\"@id\":\"https:\/\/menjablancdereus.com\/menjablanc\/#primaryimage\",\"url\":\"https:\/\/menjablancdereus.com\/wp-content\/uploads\/2026\/04\/Menjablanc-de-Reus-2.png\",\"contentUrl\":\"https:\/\/menjablancdereus.com\/wp-content\/uploads\/2026\/04\/Menjablanc-de-Reus-2.png\"},{\"@type\":\"BreadcrumbList\",\"@id\":\"https:\/\/menjablancdereus.com\/menjablanc\/#breadcrumb\",\"itemListElement\":[{\"@type\":\"ListItem\",\"position\":1,\"name\":\"Portada\",\"item\":\"https:\/\/menjablancdereus.com\/\"},{\"@type\":\"ListItem\",\"position\":2,\"name\":\"Menjablanc\"}]},{\"@type\":\"WebSite\",\"@id\":\"https:\/\/menjablancdereus.com\/#website\",\"url\":\"https:\/\/menjablancdereus.com\/\",\"name\":\"El Menjablanc de Reus\",\"description\":\"M\u00e9s de 100 anys de sabor\",\"potentialAction\":[{\"@type\":\"SearchAction\",\"target\":{\"@type\":\"EntryPoint\",\"urlTemplate\":\"https:\/\/menjablancdereus.com\/?s={search_term_string}\"},\"query-input\":{\"@type\":\"PropertyValueSpecification\",\"valueRequired\":true,\"valueName\":\"search_term_string\"}}],\"inLanguage\":\"es\"}]}<\/script>\n<!-- \/ Yoast SEO plugin. -->","yoast_head_json":{"title":"Menjablanc - El Menjablanc de Reus","description":"Descobreix Menjablanc: cuina tradicional catalana, esdeveniments corporatius i experi\u00e8ncies gastron\u00f2miques amb productes locals de qualitat.","robots":{"index":"index","follow":"follow","max-snippet":"max-snippet:-1","max-image-preview":"max-image-preview:large","max-video-preview":"max-video-preview:-1"},"canonical":"https:\/\/menjablancdereus.com\/es\/menjablanc\/","og_locale":"es_ES","og_type":"article","og_title":"Menjablanc - El Menjablanc de Reus","og_description":"Descobreix Menjablanc: cuina tradicional catalana, esdeveniments corporatius i experi\u00e8ncies gastron\u00f2miques amb productes locals de qualitat.","og_url":"https:\/\/menjablancdereus.com\/es\/menjablanc\/","og_site_name":"El Menjablanc de Reus","article_modified_time":"2026-04-20T08:36:01+00:00","og_image":[{"width":1200,"height":750,"url":"https:\/\/menjablancdereus.com\/wp-content\/uploads\/2026\/04\/Menjablanc-de-Reus-2.png","type":"image\/png"}],"twitter_card":"summary_large_image","twitter_misc":{"Tiempo de lectura":"3 minutos"},"schema":{"@context":"https:\/\/schema.org","@graph":[{"@type":"WebPage","@id":"https:\/\/menjablancdereus.com\/menjablanc\/","url":"https:\/\/menjablancdereus.com\/menjablanc\/","name":"Menjablanc - El Menjablanc de Reus","isPartOf":{"@id":"https:\/\/menjablancdereus.com\/#website"},"primaryImageOfPage":{"@id":"https:\/\/menjablancdereus.com\/menjablanc\/#primaryimage"},"image":{"@id":"https:\/\/menjablancdereus.com\/menjablanc\/#primaryimage"},"thumbnailUrl":"https:\/\/menjablancdereus.com\/wp-content\/uploads\/2026\/04\/Menjablanc-de-Reus-2.png","datePublished":"2026-04-09T08:17:36+00:00","dateModified":"2026-04-20T08:36:01+00:00","description":"Descobreix Menjablanc: cuina tradicional catalana, esdeveniments corporatius i experi\u00e8ncies gastron\u00f2miques amb productes locals de qualitat.","breadcrumb":{"@id":"https:\/\/menjablancdereus.com\/menjablanc\/#breadcrumb"},"inLanguage":"es","potentialAction":[{"@type":"ReadAction","target":["https:\/\/menjablancdereus.com\/menjablanc\/"]}]},{"@type":"ImageObject","inLanguage":"es","@id":"https:\/\/menjablancdereus.com\/menjablanc\/#primaryimage","url":"https:\/\/menjablancdereus.com\/wp-content\/uploads\/2026\/04\/Menjablanc-de-Reus-2.png","contentUrl":"https:\/\/menjablancdereus.com\/wp-content\/uploads\/2026\/04\/Menjablanc-de-Reus-2.png"},{"@type":"BreadcrumbList","@id":"https:\/\/menjablancdereus.com\/menjablanc\/#breadcrumb","itemListElement":[{"@type":"ListItem","position":1,"name":"Portada","item":"https:\/\/menjablancdereus.com\/"},{"@type":"ListItem","position":2,"name":"Menjablanc"}]},{"@type":"WebSite","@id":"https:\/\/menjablancdereus.com\/#website","url":"https:\/\/menjablancdereus.com\/","name":"El Comeblanco de Reus","description":"M\u00e1s de 100 a\u00f1os de sabor","potentialAction":[{"@type":"SearchAction","target":{"@type":"EntryPoint","urlTemplate":"https:\/\/menjablancdereus.com\/?s={search_term_string}"},"query-input":{"@type":"PropertyValueSpecification","valueRequired":true,"valueName":"search_term_string"}}],"inLanguage":"es"}]}},"_links":{"self":[{"href":"https:\/\/menjablancdereus.com\/es\/wp-json\/wp\/v2\/pages\/1078","targetHints":{"allow":["GET"]}}],"collection":[{"href":"https:\/\/menjablancdereus.com\/es\/wp-json\/wp\/v2\/pages"}],"about":[{"href":"https:\/\/menjablancdereus.com\/es\/wp-json\/wp\/v2\/types\/page"}],"author":[{"embeddable":true,"href":"https:\/\/menjablancdereus.com\/es\/wp-json\/wp\/v2\/users\/1"}],"replies":[{"embeddable":true,"href":"https:\/\/menjablancdereus.com\/es\/wp-json\/wp\/v2\/comments?post=1078"}],"version-history":[{"count":7,"href":"https:\/\/menjablancdereus.com\/es\/wp-json\/wp\/v2\/pages\/1078\/revisions"}],"predecessor-version":[{"id":1090,"href":"https:\/\/menjablancdereus.com\/es\/wp-json\/wp\/v2\/pages\/1078\/revisions\/1090"}],"wp:attachment":[{"href":"https:\/\/menjablancdereus.com\/es\/wp-json\/wp\/v2\/media?parent=1078"}],"curies":[{"name":"wp","href":"https:\/\/api.w.org\/{rel}","templated":true}]}}