{"id":1314,"date":"2026-08-22T16:01:32","date_gmt":"2026-08-22T14:01:32","guid":{"rendered":"https:\/\/menjablancdereus.com\/?page_id=1314"},"modified":"2026-08-22T16:58:06","modified_gmt":"2026-08-22T14:58:06","slug":"crema-almendras-a-cambrils","status":"publish","type":"page","link":"https:\/\/menjablancdereus.com\/eng\/crema-almendras-a-cambrils\/","title":{"rendered":"Crema de almendras en Cambrils"},"content":{"rendered":"<div data-elementor-type=\"wp-page\" data-elementor-id=\"1314\" class=\"elementor elementor-1314\" data-elementor-post-type=\"page\">\n\t\t\t\t<div class=\"elementor-element elementor-element-f8b592c e-flex e-con-boxed e-con e-parent\" data-id=\"f8b592c\" data-element_type=\"container\" data-e-type=\"container\" data-settings=\"{&quot;background_background&quot;:&quot;classic&quot;}\">\n\t\t\t\t\t<div class=\"e-con-inner\">\n\t\t<div class=\"elementor-element elementor-element-e68403d e-con-full e-flex elementor-invisible e-con e-child\" data-id=\"e68403d\" data-element_type=\"container\" data-e-type=\"container\" data-settings=\"{&quot;background_background&quot;:&quot;classic&quot;,&quot;animation&quot;:&quot;fadeInRight&quot;}\">\n\t\t\t\t<div class=\"elementor-element elementor-element-11bdf21 elementor-widget elementor-widget-heading\" data-id=\"11bdf21\" data-element_type=\"widget\" data-e-type=\"widget\" data-widget_type=\"heading.default\">\n\t\t\t\t<div class=\"elementor-widget-container\">\n\t\t\t\t\t<h1 class=\"elementor-heading-title elementor-size-default\">Crema de almendras en Cambrils<\/h1>\t\t\t\t<\/div>\n\t\t\t\t<\/div>\n\t\t\t\t<div class=\"elementor-element elementor-element-7a7d161 elementor-icon-list--layout-inline elementor-list-item-link-full_width elementor-widget elementor-widget-icon-list\" data-id=\"7a7d161\" data-element_type=\"widget\" data-e-type=\"widget\" data-widget_type=\"icon-list.default\">\n\t\t\t\t<div class=\"elementor-widget-container\">\n\t\t\t\t\t\t\t<ul class=\"elementor-icon-list-items elementor-inline-items\">\n\t\t\t\t\t\t\t<li class=\"elementor-icon-list-item elementor-inline-item\">\n\t\t\t\t\t\t\t\t\t\t\t<a href=\"https:\/\/menjablancdereus.com\/eng\/\">\n\n\t\t\t\t\t\t\t\t\t\t\t<span class=\"elementor-icon-list-text\">Home<\/span>\n\t\t\t\t\t\t\t\t\t\t\t<\/a>\n\t\t\t\t\t\t\t\t\t<\/li>\n\t\t\t\t\t\t\t\t<li class=\"elementor-icon-list-item elementor-inline-item\">\n\t\t\t\t\t\t\t\t\t\t\t<a href=\"https:\/\/menjablancdereus.com\/eng\/crema-almendras-a-cambrils\/\">\n\n\t\t\t\t\t\t\t\t\t\t\t\t<span class=\"elementor-icon-list-icon\">\n\t\t\t\t\t\t\t<i aria-hidden=\"true\" class=\"material-icons md-keyboard_double_arrow_right\" data-md-icon=\"keyboard_double_arrow_right\"><\/i>\t\t\t\t\t\t<\/span>\n\t\t\t\t\t\t\t\t\t\t<span class=\"elementor-icon-list-text\">Crema de almendras en Cambrils<\/span>\n\t\t\t\t\t\t\t\t\t\t\t<\/a>\n\t\t\t\t\t\t\t\t\t<\/li>\n\t\t\t\t\t\t<\/ul>\n\t\t\t\t\t\t<\/div>\n\t\t\t\t<\/div>\n\t\t\t\t<\/div>\n\t\t\t\t\t<\/div>\n\t\t\t\t<\/div>\n\t\t<div class=\"elementor-element elementor-element-52cab05 e-flex e-con-boxed e-con e-parent\" data-id=\"52cab05\" data-element_type=\"container\" data-e-type=\"container\">\n\t\t\t\t\t<div class=\"e-con-inner\">\n\t\t<div class=\"elementor-element elementor-element-eef02fb e-con-full e-flex e-con e-child\" data-id=\"eef02fb\" data-element_type=\"container\" data-e-type=\"container\">\n\t\t\t\t<div class=\"elementor-element elementor-element-2924632 elementor-invisible elementor-widget elementor-widget-image\" data-id=\"2924632\" data-element_type=\"widget\" data-e-type=\"widget\" data-settings=\"{&quot;_animation&quot;:&quot;zoomIn&quot;}\" data-widget_type=\"image.default\">\n\t\t\t\t<div class=\"elementor-widget-container\">\n\t\t\t\t\t\t\t\t\t\t\t\t\t\t\t<img fetchpriority=\"high\" decoding=\"async\" width=\"1521\" height=\"1034\" src=\"https:\/\/menjablancdereus.com\/wp-content\/uploads\/2026\/08\/Crema-dametlles-a-Cambrils-3.png\" class=\"attachment-full size-full wp-image-1306\" alt=\"Crema d&apos;ametlles a Cambrils\" srcset=\"https:\/\/menjablancdereus.com\/wp-content\/uploads\/2026\/08\/Crema-dametlles-a-Cambrils-3.png 1521w, https:\/\/menjablancdereus.com\/wp-content\/uploads\/2026\/08\/Crema-dametlles-a-Cambrils-3-300x204.png 300w, https:\/\/menjablancdereus.com\/wp-content\/uploads\/2026\/08\/Crema-dametlles-a-Cambrils-3-1024x696.png 1024w, https:\/\/menjablancdereus.com\/wp-content\/uploads\/2026\/08\/Crema-dametlles-a-Cambrils-3-768x522.png 768w, https:\/\/menjablancdereus.com\/wp-content\/uploads\/2026\/08\/Crema-dametlles-a-Cambrils-3-18x12.png 18w, https:\/\/menjablancdereus.com\/wp-content\/uploads\/2026\/08\/Crema-dametlles-a-Cambrils-3-600x408.png 600w\" sizes=\"(max-width: 1521px) 100vw, 1521px\" \/>\t\t\t\t\t\t\t\t\t\t\t\t\t\t\t<\/div>\n\t\t\t\t<\/div>\n\t\t\t\t<\/div>\n\t\t<div class=\"elementor-element elementor-element-a3a142c e-con-full e-flex elementor-invisible e-con e-child\" data-id=\"a3a142c\" data-element_type=\"container\" data-e-type=\"container\" data-settings=\"{&quot;animation&quot;:&quot;fadeInRight&quot;}\">\n\t\t\t\t<div class=\"elementor-element elementor-element-5de761a elementor-widget elementor-widget-heading\" data-id=\"5de761a\" data-element_type=\"widget\" data-e-type=\"widget\" data-widget_type=\"heading.default\">\n\t\t\t\t<div class=\"elementor-widget-container\">\n\t\t\t\t\t<h2 class=\"elementor-heading-title elementor-size-default\">El sabor de l'ametlla amb una recepta centen\u00e0ria<\/h2>\t\t\t\t<\/div>\n\t\t\t\t<\/div>\n\t\t\t\t<div class=\"elementor-element elementor-element-c81d8c6 elementor-widget elementor-widget-text-editor\" data-id=\"c81d8c6\" data-element_type=\"widget\" data-e-type=\"widget\" data-widget_type=\"text-editor.default\">\n\t\t\t\t<div class=\"elementor-widget-container\">\n\t\t\t\t\t\t\t\t\t<p data-pm-slice=\"1 1 []\">La <strong>crema d&#8217;ametlles a Cambrils<\/strong> permet gaudir d&#8217;unes postres tradicionals amb el sabor caracter\u00edstic del Menjablanc de Reus. Des de 1917, la nostra fam\u00edlia mant\u00e9 viva una recepta en qu\u00e8 l&#8217;ametlla \u00e9s la gran protagonista, acompanyada pels delicats aromes de canyella i llimona.<\/p><p>A m\u00e9s, continuem elaborant els nostres productes a Catalunya, respectant l&#8217;ess\u00e8ncia d&#8217;unes postres vinculades a la gastronomia del territori. Aix\u00ed, cada preparaci\u00f3 combina tradici\u00f3, sabor i una manera senzilla de gaudir del menjar blanc a casa.<\/p>\t\t\t\t\t\t\t\t<\/div>\n\t\t\t\t<\/div>\n\t\t\t\t<\/div>\n\t\t\t\t\t<\/div>\n\t\t\t\t<\/div>\n\t\t<div class=\"elementor-element elementor-element-3fd1b0d e-flex e-con-boxed e-con e-parent\" data-id=\"3fd1b0d\" data-element_type=\"container\" data-e-type=\"container\">\n\t\t\t\t\t<div class=\"e-con-inner\">\n\t\t<div class=\"elementor-element elementor-element-268b2ae e-con-full e-flex e-con e-child\" data-id=\"268b2ae\" data-element_type=\"container\" data-e-type=\"container\">\n\t\t\t\t<div class=\"elementor-element elementor-element-b6e0439 elementor-invisible elementor-widget elementor-widget-image\" data-id=\"b6e0439\" data-element_type=\"widget\" data-e-type=\"widget\" data-settings=\"{&quot;_animation&quot;:&quot;zoomIn&quot;}\" data-widget_type=\"image.default\">\n\t\t\t\t<div class=\"elementor-widget-container\">\n\t\t\t\t\t\t\t\t\t\t\t\t\t\t\t<img decoding=\"async\" width=\"1521\" height=\"1034\" src=\"https:\/\/menjablancdereus.com\/wp-content\/uploads\/2026\/08\/Crema-dametlles-a-Cambrils-4.png\" class=\"attachment-full size-full wp-image-1307\" alt=\"Crema d&apos;ametlles a Cambrils\" srcset=\"https:\/\/menjablancdereus.com\/wp-content\/uploads\/2026\/08\/Crema-dametlles-a-Cambrils-4.png 1521w, https:\/\/menjablancdereus.com\/wp-content\/uploads\/2026\/08\/Crema-dametlles-a-Cambrils-4-300x204.png 300w, https:\/\/menjablancdereus.com\/wp-content\/uploads\/2026\/08\/Crema-dametlles-a-Cambrils-4-1024x696.png 1024w, https:\/\/menjablancdereus.com\/wp-content\/uploads\/2026\/08\/Crema-dametlles-a-Cambrils-4-768x522.png 768w, https:\/\/menjablancdereus.com\/wp-content\/uploads\/2026\/08\/Crema-dametlles-a-Cambrils-4-18x12.png 18w, https:\/\/menjablancdereus.com\/wp-content\/uploads\/2026\/08\/Crema-dametlles-a-Cambrils-4-600x408.png 600w\" sizes=\"(max-width: 1521px) 100vw, 1521px\" \/>\t\t\t\t\t\t\t\t\t\t\t\t\t\t\t<\/div>\n\t\t\t\t<\/div>\n\t\t\t\t<\/div>\n\t\t<div class=\"elementor-element elementor-element-bfe42da e-con-full e-flex elementor-invisible e-con e-child\" data-id=\"bfe42da\" data-element_type=\"container\" data-e-type=\"container\" data-settings=\"{&quot;animation&quot;:&quot;fadeInRight&quot;}\">\n\t\t\t\t<div class=\"elementor-element elementor-element-97d88ee elementor-widget elementor-widget-heading\" data-id=\"97d88ee\" data-element_type=\"widget\" data-e-type=\"widget\" data-widget_type=\"heading.default\">\n\t\t\t\t<div class=\"elementor-widget-container\">\n\t\t\t\t\t<h2 class=\"elementor-heading-title elementor-size-default\">Una crema d'ametlla f\u00e0cil de preparar<\/h2>\t\t\t\t<\/div>\n\t\t\t\t<\/div>\n\t\t\t\t<div class=\"elementor-element elementor-element-140ddf6 elementor-widget elementor-widget-text-editor\" data-id=\"140ddf6\" data-element_type=\"widget\" data-e-type=\"widget\" data-widget_type=\"text-editor.default\">\n\t\t\t\t<div class=\"elementor-widget-container\">\n\t\t\t\t\t\t\t\t\t<p data-pm-slice=\"1 1 []\">Preparar el Menjablanc \u00e9s senzill i no requereix llargues elaboracions. Nom\u00e9s cal combinar el preparat amb llet o beguda vegetal i sucre o l&#8217;edulcorant que prefereixis. En pocs minuts, pots obtenir una crema fina, suau i agradable.<\/p><p>D&#8217;altra banda, la seva versatilitat permet servir-la despr\u00e9s d&#8217;un dinar, en un berenar o en una ocasi\u00f3 especial. La <strong>crema d&#8217;ametlla tradicional<\/strong> es pot presentar sola o acompanyada amb un toc de canyella per potenciar encara m\u00e9s els seus aromes.<\/p>\t\t\t\t\t\t\t\t<\/div>\n\t\t\t\t<\/div>\n\t\t\t\t<\/div>\n\t\t\t\t\t<\/div>\n\t\t\t\t<\/div>\n\t\t<div class=\"elementor-element elementor-element-14575b4 e-flex e-con-boxed e-con e-parent\" data-id=\"14575b4\" data-element_type=\"container\" data-e-type=\"container\">\n\t\t\t\t\t<div class=\"e-con-inner\">\n\t\t<div class=\"elementor-element elementor-element-4b147e1 e-con-full e-flex e-con e-child\" data-id=\"4b147e1\" data-element_type=\"container\" data-e-type=\"container\">\n\t\t\t\t<div class=\"elementor-element elementor-element-bbf2d10 elementor-invisible elementor-widget elementor-widget-image\" data-id=\"bbf2d10\" data-element_type=\"widget\" data-e-type=\"widget\" data-settings=\"{&quot;_animation&quot;:&quot;zoomIn&quot;}\" data-widget_type=\"image.default\">\n\t\t\t\t<div class=\"elementor-widget-container\">\n\t\t\t\t\t\t\t\t\t\t\t\t\t\t\t<img decoding=\"async\" width=\"1254\" height=\"1254\" src=\"https:\/\/menjablancdereus.com\/wp-content\/uploads\/2026\/08\/Crema-dametlles-a-Cambrils-1.png\" class=\"attachment-full size-full wp-image-1308\" alt=\"Crema d&apos;ametlles a Cambrils\" srcset=\"https:\/\/menjablancdereus.com\/wp-content\/uploads\/2026\/08\/Crema-dametlles-a-Cambrils-1.png 1254w, https:\/\/menjablancdereus.com\/wp-content\/uploads\/2026\/08\/Crema-dametlles-a-Cambrils-1-300x300.png 300w, https:\/\/menjablancdereus.com\/wp-content\/uploads\/2026\/08\/Crema-dametlles-a-Cambrils-1-1024x1024.png 1024w, https:\/\/menjablancdereus.com\/wp-content\/uploads\/2026\/08\/Crema-dametlles-a-Cambrils-1-150x150.png 150w, https:\/\/menjablancdereus.com\/wp-content\/uploads\/2026\/08\/Crema-dametlles-a-Cambrils-1-768x768.png 768w, https:\/\/menjablancdereus.com\/wp-content\/uploads\/2026\/08\/Crema-dametlles-a-Cambrils-1-12x12.png 12w, https:\/\/menjablancdereus.com\/wp-content\/uploads\/2026\/08\/Crema-dametlles-a-Cambrils-1-600x600.png 600w, https:\/\/menjablancdereus.com\/wp-content\/uploads\/2026\/08\/Crema-dametlles-a-Cambrils-1-100x100.png 100w\" sizes=\"(max-width: 1254px) 100vw, 1254px\" \/>\t\t\t\t\t\t\t\t\t\t\t\t\t\t\t<\/div>\n\t\t\t\t<\/div>\n\t\t\t\t<\/div>\n\t\t<div class=\"elementor-element elementor-element-3dfd4a5 e-con-full e-flex elementor-invisible e-con e-child\" data-id=\"3dfd4a5\" data-element_type=\"container\" data-e-type=\"container\" data-settings=\"{&quot;animation&quot;:&quot;fadeInRight&quot;}\">\n\t\t\t\t<div class=\"elementor-element elementor-element-bf9a4c7 elementor-widget elementor-widget-heading\" data-id=\"bf9a4c7\" data-element_type=\"widget\" data-e-type=\"widget\" data-widget_type=\"heading.default\">\n\t\t\t\t<div class=\"elementor-widget-container\">\n\t\t\t\t\t<h2 class=\"elementor-heading-title elementor-size-default\">Per qu\u00e8 triar el Menjablanc de Reus<\/h2>\t\t\t\t<\/div>\n\t\t\t\t<\/div>\n\t\t\t\t<div class=\"elementor-element elementor-element-eb72b61 elementor-widget elementor-widget-text-editor\" data-id=\"eb72b61\" data-element_type=\"widget\" data-e-type=\"widget\" data-widget_type=\"text-editor.default\">\n\t\t\t\t<div class=\"elementor-widget-container\">\n\t\t\t\t\t\t\t\t\t<p data-pm-slice=\"1 1 []\">Escollir la nostra <strong>crema d&#8217;ametlles a Cambrils<\/strong> \u00e9s apostar per unes postres amb m\u00e9s de cent anys d&#8217;hist\u00f2ria. A m\u00e9s, el preparat compta amb certificat veg\u00e0 i es pot combinar amb begudes vegetals, adaptant-se f\u00e0cilment a diferents prefer\u00e8ncies.<\/p><p>En definitiva, el Menjablanc uneix el gust de l&#8217;ametlla, la tradici\u00f3 familiar i la comoditat d&#8217;una preparaci\u00f3 actual. Descobreix els nostres productes i porta a casa una especialitat catalana que continua formant part de moltes taules generaci\u00f3 rere generaci\u00f3.<\/p>\t\t\t\t\t\t\t\t<\/div>\n\t\t\t\t<\/div>\n\t\t\t\t<\/div>\n\t\t\t\t\t<\/div>\n\t\t\t\t<\/div>\n\t\t<div class=\"elementor-element elementor-element-b75f200 e-flex e-con-boxed e-con e-parent\" data-id=\"b75f200\" data-element_type=\"container\" data-e-type=\"container\">\n\t\t\t\t\t<div class=\"e-con-inner\">\n\t\t<div class=\"elementor-element elementor-element-9efb51d e-con-full e-flex elementor-invisible e-con e-child\" data-id=\"9efb51d\" data-element_type=\"container\" data-e-type=\"container\" data-settings=\"{&quot;background_background&quot;:&quot;classic&quot;,&quot;animation&quot;:&quot;fadeInLeft&quot;}\">\n\t\t\t\t<div class=\"elementor-element elementor-element-3003bee elementor-widget elementor-widget-heading\" data-id=\"3003bee\" data-element_type=\"widget\" data-e-type=\"widget\" data-widget_type=\"heading.default\">\n\t\t\t\t<div class=\"elementor-widget-container\">\n\t\t\t\t\t<div class=\"elementor-heading-title elementor-size-default\">Crema de almendras en Cambrils<\/div>\t\t\t\t<\/div>\n\t\t\t\t<\/div>\n\t\t\t\t<div class=\"elementor-element elementor-element-95add23 elementor-widget elementor-widget-heading\" data-id=\"95add23\" data-element_type=\"widget\" data-e-type=\"widget\" data-widget_type=\"heading.default\">\n\t\t\t\t<div class=\"elementor-widget-container\">\n\t\t\t\t\t<h2 class=\"elementor-heading-title elementor-size-default\">Contact us\n<\/h2>\t\t\t\t<\/div>\n\t\t\t\t<\/div>\n\t\t\t\t<div class=\"elementor-element elementor-element-528ba1d elementor-widget elementor-widget-text-editor\" data-id=\"528ba1d\" data-element_type=\"widget\" data-e-type=\"widget\" data-widget_type=\"text-editor.default\">\n\t\t\t\t<div class=\"elementor-widget-container\">\n\t\t\t\t\t\t\t\t\t<p><span style=\"font-weight: 400;\">If you have any questions about our products, want information on how to prepare the <\/span><b>Menjablanc de Reus<\/b><span style=\"font-weight: 400;\">, or you simply want to give us your opinion, <\/span><b>We will be happy to assist you.<\/b><span style=\"font-weight: 400;\">.<\/span><\/p>\t\t\t\t\t\t\t\t<\/div>\n\t\t\t\t<\/div>\n\t\t\t\t<div class=\"elementor-element elementor-element-df4f467 elementor-view-stacked elementor-position-inline-start elementor-mobile-position-inline-start elementor-shape-circle elementor-widget elementor-widget-icon-box\" data-id=\"df4f467\" data-element_type=\"widget\" data-e-type=\"widget\" data-widget_type=\"icon-box.default\">\n\t\t\t\t<div class=\"elementor-widget-container\">\n\t\t\t\t\t\t\t<div class=\"elementor-icon-box-wrapper\">\n\n\t\t\t\t\t\t<div class=\"elementor-icon-box-icon\">\n\t\t\t\t<a href=\"https:\/\/www.google.com\/maps\/search\/?api=1&#038;query=43201%20Reus%20(Tarragona)\" target=\"_blank\" aria-label=\"direction\" class=\"elementor-icon\" tabindex=\"-1\">\n\t\t\t\t<i aria-hidden=\"true\" class=\"icon icon-map-marker1\"><\/i>\t\t\t\t<\/a>\n\t\t\t<\/div>\n\t\t\t\n\t\t\t\t\t\t<div class=\"elementor-icon-box-content\">\n\n\t\t\t\t\t\t\t\t\t<div class=\"elementor-icon-box-title\">\n\t\t\t\t\t\t<a href=\"https:\/\/www.google.com\/maps\/search\/?api=1&#038;query=43201%20Reus%20(Tarragona)\" target=\"_blank\" aria-label=\"direction\" >\n\t\t\t\t\t\t\tDirection\t\t\t\t\t\t<\/a>\n\t\t\t\t\t<\/div>\n\t\t\t\t\n\t\t\t\t\t\t\t\t\t<p class=\"elementor-icon-box-description\">\n\t\t\t\t\t\t43201 Reus (Tarragona)\t\t\t\t\t<\/p>\n\t\t\t\t\n\t\t\t<\/div>\n\t\t\t\n\t\t<\/div>\n\t\t\t\t\t\t<\/div>\n\t\t\t\t<\/div>\n\t\t\t\t<div class=\"elementor-element elementor-element-fcf94b9 elementor-view-stacked elementor-position-inline-start elementor-mobile-position-inline-start elementor-shape-circle elementor-widget elementor-widget-icon-box\" data-id=\"fcf94b9\" data-element_type=\"widget\" data-e-type=\"widget\" data-widget_type=\"icon-box.default\">\n\t\t\t\t<div class=\"elementor-widget-container\">\n\t\t\t\t\t\t\t<div class=\"elementor-icon-box-wrapper\">\n\n\t\t\t\t\t\t<div class=\"elementor-icon-box-icon\">\n\t\t\t\t<a href=\"mailto:info@menjablancdereus.cat\" target=\"_blank\" aria-label=\"email\" class=\"elementor-icon\" tabindex=\"-1\">\n\t\t\t\t<i aria-hidden=\"true\" class=\"icon icon-envelope1\"><\/i>\t\t\t\t<\/a>\n\t\t\t<\/div>\n\t\t\t\n\t\t\t\t\t\t<div class=\"elementor-icon-box-content\">\n\n\t\t\t\t\t\t\t\t\t<div class=\"elementor-icon-box-title\">\n\t\t\t\t\t\t<a href=\"mailto:info@menjablancdereus.cat\" target=\"_blank\" aria-label=\"email\" >\n\t\t\t\t\t\t\tEmail\t\t\t\t\t\t<\/a>\n\t\t\t\t\t<\/div>\n\t\t\t\t\n\t\t\t\t\t\t\t\t\t<p class=\"elementor-icon-box-description\">\n\t\t\t\t\t\tinfo@menjablancdereus.cat\t\t\t\t\t<\/p>\n\t\t\t\t\n\t\t\t<\/div>\n\t\t\t\n\t\t<\/div>\n\t\t\t\t\t\t<\/div>\n\t\t\t\t<\/div>\n\t\t\t\t<div class=\"elementor-element elementor-element-79ec254 elementor-view-stacked elementor-position-inline-start elementor-mobile-position-inline-start elementor-shape-circle elementor-widget elementor-widget-icon-box\" data-id=\"79ec254\" data-element_type=\"widget\" data-e-type=\"widget\" data-widget_type=\"icon-box.default\">\n\t\t\t\t<div class=\"elementor-widget-container\">\n\t\t\t\t\t\t\t<div class=\"elementor-icon-box-wrapper\">\n\n\t\t\t\t\t\t<div class=\"elementor-icon-box-icon\">\n\t\t\t\t<a href=\"tel:+34%20977%20342%20670\" target=\"_blank\" aria-label=\"phone\" class=\"elementor-icon\" tabindex=\"-1\">\n\t\t\t\t<i aria-hidden=\"true\" class=\"icon icon-phone1\"><\/i>\t\t\t\t<\/a>\n\t\t\t<\/div>\n\t\t\t\n\t\t\t\t\t\t<div class=\"elementor-icon-box-content\">\n\n\t\t\t\t\t\t\t\t\t<div class=\"elementor-icon-box-title\">\n\t\t\t\t\t\t<a href=\"tel:+34%20977%20342%20670\" target=\"_blank\" aria-label=\"phone\" >\n\t\t\t\t\t\t\tTelephone\t\t\t\t\t\t<\/a>\n\t\t\t\t\t<\/div>\n\t\t\t\t\n\t\t\t\t\t\t\t\t\t<p class=\"elementor-icon-box-description\">\n\t\t\t\t\t\t+34 977 342 670\t\t\t\t\t<\/p>\n\t\t\t\t\n\t\t\t<\/div>\n\t\t\t\n\t\t<\/div>\n\t\t\t\t\t\t<\/div>\n\t\t\t\t<\/div>\n\t\t\t\t<\/div>\n\t\t<div class=\"elementor-element elementor-element-bfd90c8 e-con-full e-flex elementor-invisible e-con e-child\" data-id=\"bfd90c8\" data-element_type=\"container\" data-e-type=\"container\" data-settings=\"{&quot;animation&quot;:&quot;fadeInLeft&quot;,&quot;background_background&quot;:&quot;classic&quot;}\">\n\t\t\t\t<div class=\"elementor-element elementor-element-4f7f83e elementor-widget elementor-widget-heading\" data-id=\"4f7f83e\" data-element_type=\"widget\" data-e-type=\"widget\" data-widget_type=\"heading.default\">\n\t\t\t\t<div class=\"elementor-widget-container\">\n\t\t\t\t\t<h3 class=\"elementor-heading-title elementor-size-default\">Send us a message<\/h3>\t\t\t\t<\/div>\n\t\t\t\t<\/div>\n\t\t\t\t<div class=\"elementor-element elementor-element-d0d3f37 elementor-widget elementor-widget-elementskit-contact-form7\" data-id=\"d0d3f37\" data-element_type=\"widget\" data-e-type=\"widget\" data-widget_type=\"elementskit-contact-form7.default\">\n\t\t\t\t<div class=\"elementor-widget-container\">\n\t\t\t\t\t<div class=\"ekit-wid-con\" ><div class=\"ekit-form\">\n<div class=\"wpcf7 no-js\" id=\"wpcf7-f45-p1314-o1\" lang=\"es-ES\" dir=\"ltr\" data-wpcf7-id=\"45\">\n<div class=\"screen-reader-response\"><p role=\"status\" aria-live=\"polite\" aria-atomic=\"true\"><\/p> <ul><\/ul><\/div>\n<form action=\"\/eng\/crema-almendras-a-cambrils\/#wpcf7-f45-p1314-o1\" method=\"post\" class=\"wpcf7-form init wpcf7-acceptance-as-validation\" aria-label=\"Contact form\" novalidate=\"novalidate\" data-status=\"init\" data-trp-original-action=\"\/crema-almendras-a-cambrils\/#wpcf7-f45-p1314-o1\">\n<fieldset class=\"hidden-fields-container\"><input type=\"hidden\" name=\"_wpcf7\" value=\"45\" \/><input type=\"hidden\" name=\"_wpcf7_version\" value=\"6.1.7\" \/><input type=\"hidden\" name=\"_wpcf7_locale\" value=\"es_ES\" \/><input type=\"hidden\" name=\"_wpcf7_unit_tag\" value=\"wpcf7-f45-p1314-o1\" \/><input type=\"hidden\" name=\"_wpcf7_container_post\" value=\"1314\" \/><input type=\"hidden\" name=\"_wpcf7_posted_data_hash\" value=\"\" \/><input type=\"hidden\" name=\"_wpcf7_recaptcha_response\" value=\"\" \/>\n<\/fieldset>\n<div class=\"form-row\">\n\t<div class=\"form-column\">\n\t\t<p><label for=\"nombre\">Name *<\/label><br \/>\n<span class=\"wpcf7-form-control-wrap\" data-name=\"nombre\"><input size=\"40\" maxlength=\"400\" class=\"wpcf7-form-control wpcf7-text wpcf7-validates-as-required\" id=\"nombre\" aria-required=\"true\" aria-invalid=\"false\" placeholder=\"Ex: Joan Garcia\" value=\"\" type=\"text\" name=\"nombre\" \/><\/span>\n\t\t<\/p>\n\t<\/div>\n\t<div class=\"form-column\">\n\t\t<p><label for=\"telefono\">Telephone *<\/label><br \/>\n<span class=\"wpcf7-form-control-wrap\" data-name=\"telefono\"><input size=\"40\" maxlength=\"400\" class=\"wpcf7-form-control wpcf7-tel wpcf7-validates-as-required wpcf7-text wpcf7-validates-as-tel\" id=\"telefono\" aria-required=\"true\" aria-invalid=\"false\" placeholder=\"Ex: 666 777 888\" value=\"\" type=\"tel\" name=\"telefono\" \/><\/span>\n\t\t<\/p>\n\t<\/div>\n<\/div>\n<div class=\"form-row\">\n\t<div class=\"form-column\">\n\t\t<p><label for=\"email\">Email *<\/label><br \/>\n<span class=\"wpcf7-form-control-wrap\" data-name=\"email\"><input size=\"40\" maxlength=\"400\" class=\"wpcf7-form-control wpcf7-email wpcf7-validates-as-required wpcf7-text wpcf7-validates-as-email\" id=\"email\" aria-required=\"true\" aria-invalid=\"false\" placeholder=\"Ex: info@domini.com\" value=\"\" type=\"email\" name=\"email\" \/><\/span>\n\t\t<\/p>\n\t<\/div>\n\t<div class=\"form-column\">\n\t\t<p><label for=\"asunto\">Subject *<\/label><br \/>\n<span class=\"wpcf7-form-control-wrap\" data-name=\"asunto\"><input size=\"40\" maxlength=\"400\" class=\"wpcf7-form-control wpcf7-text wpcf7-validates-as-required\" id=\"asunto\" aria-required=\"true\" aria-invalid=\"false\" placeholder=\"Reason for inquiry\" value=\"\" type=\"text\" name=\"asunto\" \/><\/span>\n\t\t<\/p>\n\t<\/div>\n<\/div>\n<div class=\"form-row-full\">\n\t<p><label for=\"mensaje\">Message *<\/label><br \/>\n<span class=\"wpcf7-form-control-wrap\" data-name=\"mensaje\"><textarea cols=\"40\" rows=\"10\" maxlength=\"2000\" class=\"wpcf7-form-control wpcf7-textarea wpcf7-validates-as-required\" id=\"mensaje\" aria-required=\"true\" aria-invalid=\"false\" placeholder=\"Write your message here...\" name=\"mensaje\"><\/textarea><\/span>\n\t<\/p>\n<\/div>\n<div class=\"form-acceptance\">\n\t<p><span class=\"wpcf7-form-control-wrap\" data-name=\"politica\"><span class=\"wpcf7-form-control wpcf7-acceptance\"><span class=\"wpcf7-list-item\"><label><input type=\"checkbox\" name=\"politica\" value=\"1\" aria-invalid=\"false\" \/><span class=\"wpcf7-list-item-label\"><span class=\"txt-acepto\">I have read and accept the  <\/span>\n    <a class=\"pp\" href=\"\/eng\/politica-de-privacitat\/\">Privacy Policy <\/a><\/span><\/label><\/span><\/span><\/span>\n\t<\/p>\n<\/div>\n<p><input class=\"wpcf7-form-control wpcf7-submit has-spinner\" type=\"submit\" value=\"Send message\" \/>\n<\/p><div class=\"wpcf7-response-output\" aria-hidden=\"true\"><\/div>\n<input type=\"hidden\" name=\"trp-form-language\" value=\"eng\"\/><\/form>\n<\/div>\n<\/div><\/div>\t\t\t\t<\/div>\n\t\t\t\t<\/div>\n\t\t\t\t<\/div>\n\t\t\t\t\t<\/div>\n\t\t\t\t<\/div>\n\t\t\t\t<\/div>","protected":false},"excerpt":{"rendered":"<p>Inici El sabor de l&#8217;ametlla amb una recepta centen\u00e0ria La crema d&#8217;ametlles a Cambrils permet gaudir d&#8217;unes postres tradicionals amb el sabor caracter\u00edstic del Menjablanc de Reus. Des de 1917, la nostra fam\u00edlia mant\u00e9 viva una recepta en qu\u00e8 l&#8217;ametlla \u00e9s la gran protagonista, acompanyada pels delicats aromes de canyella i llimona. A m\u00e9s, continuem [&hellip;]<\/p>\n","protected":false},"author":2,"featured_media":1306,"parent":0,"menu_order":0,"comment_status":"closed","ping_status":"closed","template":"","meta":{"footnotes":""},"class_list":["post-1314","page","type-page","status-publish","has-post-thumbnail","hentry"],"yoast_head":"<!-- This site is optimized with the Yoast SEO plugin v28.0 - https:\/\/yoast.com\/product\/yoast-seo-wordpress\/ -->\n<title>Crema de almendras en Cambrils - El Menjablanc de Reus<\/title>\n<meta name=\"description\" content=\"Descobreix la crema d&#039;ametlles a Cambrils de Menjablanc de Reus, unes postres tradicionals amb ametlla i m\u00e9s de cent anys d&#039;hist\u00f2ria.\" \/>\n<meta name=\"robots\" content=\"index, follow, max-snippet:-1, max-image-preview:large, max-video-preview:-1\" \/>\n<link rel=\"canonical\" href=\"https:\/\/menjablancdereus.com\/eng\/crema-almendras-a-cambrils\/\" \/>\n<meta property=\"og:locale\" content=\"en_GB\" \/>\n<meta property=\"og:type\" content=\"article\" \/>\n<meta property=\"og:title\" content=\"Crema de almendras en Cambrils - El Menjablanc de Reus\" \/>\n<meta property=\"og:description\" content=\"Descobreix la crema d&#039;ametlles a Cambrils de Menjablanc de Reus, unes postres tradicionals amb ametlla i m\u00e9s de cent anys d&#039;hist\u00f2ria.\" \/>\n<meta property=\"og:url\" content=\"https:\/\/menjablancdereus.com\/eng\/crema-almendras-a-cambrils\/\" \/>\n<meta property=\"og:site_name\" content=\"El Menjablanc de Reus\" \/>\n<meta property=\"article:modified_time\" content=\"2026-08-22T14:58:06+00:00\" \/>\n<meta property=\"og:image\" content=\"https:\/\/menjablancdereus.com\/wp-content\/uploads\/2026\/08\/Crema-dametlles-a-Cambrils-3.png\" \/>\n\t<meta property=\"og:image:width\" content=\"1521\" \/>\n\t<meta property=\"og:image:height\" content=\"1034\" \/>\n\t<meta property=\"og:image:type\" content=\"image\/png\" \/>\n<meta name=\"twitter:card\" content=\"summary_large_image\" \/>\n<meta name=\"twitter:label1\" content=\"Estimated reading time\" \/>\n\t<meta name=\"twitter:data1\" content=\"3 minutes\" \/>\n<script type=\"application\/ld+json\" class=\"yoast-schema-graph\">{\"@context\":\"https:\\\/\\\/schema.org\",\"@graph\":[{\"@type\":\"WebPage\",\"@id\":\"https:\\\/\\\/menjablancdereus.com\\\/crema-almendras-a-cambrils\\\/\",\"url\":\"https:\\\/\\\/menjablancdereus.com\\\/crema-almendras-a-cambrils\\\/\",\"name\":\"Crema de almendras en Cambrils - El Menjablanc de Reus\",\"isPartOf\":{\"@id\":\"https:\\\/\\\/menjablancdereus.com\\\/#website\"},\"primaryImageOfPage\":{\"@id\":\"https:\\\/\\\/menjablancdereus.com\\\/crema-almendras-a-cambrils\\\/#primaryimage\"},\"image\":{\"@id\":\"https:\\\/\\\/menjablancdereus.com\\\/crema-almendras-a-cambrils\\\/#primaryimage\"},\"thumbnailUrl\":\"https:\\\/\\\/menjablancdereus.com\\\/wp-content\\\/uploads\\\/2026\\\/08\\\/Crema-dametlles-a-Cambrils-3.png\",\"datePublished\":\"2026-08-22T14:01:32+00:00\",\"dateModified\":\"2026-08-22T14:58:06+00:00\",\"description\":\"Descobreix la crema d'ametlles a Cambrils de Menjablanc de Reus, unes postres tradicionals amb ametlla i m\u00e9s de cent anys d'hist\u00f2ria.\",\"breadcrumb\":{\"@id\":\"https:\\\/\\\/menjablancdereus.com\\\/crema-almendras-a-cambrils\\\/#breadcrumb\"},\"inLanguage\":\"en-GB\",\"potentialAction\":[{\"@type\":\"ReadAction\",\"target\":[\"https:\\\/\\\/menjablancdereus.com\\\/crema-almendras-a-cambrils\\\/\"]}]},{\"@type\":\"ImageObject\",\"inLanguage\":\"en-GB\",\"@id\":\"https:\\\/\\\/menjablancdereus.com\\\/crema-almendras-a-cambrils\\\/#primaryimage\",\"url\":\"https:\\\/\\\/menjablancdereus.com\\\/wp-content\\\/uploads\\\/2026\\\/08\\\/Crema-dametlles-a-Cambrils-3.png\",\"contentUrl\":\"https:\\\/\\\/menjablancdereus.com\\\/wp-content\\\/uploads\\\/2026\\\/08\\\/Crema-dametlles-a-Cambrils-3.png\",\"width\":1521,\"height\":1034,\"caption\":\"Crema d'ametlles a Cambrils\"},{\"@type\":\"BreadcrumbList\",\"@id\":\"https:\\\/\\\/menjablancdereus.com\\\/crema-almendras-a-cambrils\\\/#breadcrumb\",\"itemListElement\":[{\"@type\":\"ListItem\",\"position\":1,\"name\":\"Portada\",\"item\":\"https:\\\/\\\/menjablancdereus.com\\\/\"},{\"@type\":\"ListItem\",\"position\":2,\"name\":\"Crema de almendras en Cambrils\"}]},{\"@type\":\"WebSite\",\"@id\":\"https:\\\/\\\/menjablancdereus.com\\\/#website\",\"url\":\"https:\\\/\\\/menjablancdereus.com\\\/\",\"name\":\"El Menjablanc de Reus\",\"description\":\"M\u00e9s de 100 anys de sabor\",\"potentialAction\":[{\"@type\":\"SearchAction\",\"target\":{\"@type\":\"EntryPoint\",\"urlTemplate\":\"https:\\\/\\\/menjablancdereus.com\\\/?s={search_term_string}\"},\"query-input\":{\"@type\":\"PropertyValueSpecification\",\"valueRequired\":true,\"valueName\":\"search_term_string\"}}],\"inLanguage\":\"en-GB\"}]}<\/script>\n<!-- \/ Yoast SEO plugin. -->","yoast_head_json":{"title":"Crema de almendras en Cambrils - El Menjablanc de Reus","description":"Descobreix la crema d'ametlles a Cambrils de Menjablanc de Reus, unes postres tradicionals amb ametlla i m\u00e9s de cent anys d'hist\u00f2ria.","robots":{"index":"index","follow":"follow","max-snippet":"max-snippet:-1","max-image-preview":"max-image-preview:large","max-video-preview":"max-video-preview:-1"},"canonical":"https:\/\/menjablancdereus.com\/eng\/crema-almendras-a-cambrils\/","og_locale":"en_GB","og_type":"article","og_title":"Crema de almendras en Cambrils - El Menjablanc de Reus","og_description":"Descobreix la crema d'ametlles a Cambrils de Menjablanc de Reus, unes postres tradicionals amb ametlla i m\u00e9s de cent anys d'hist\u00f2ria.","og_url":"https:\/\/menjablancdereus.com\/eng\/crema-almendras-a-cambrils\/","og_site_name":"El Menjablanc de Reus","article_modified_time":"2026-08-22T14:58:06+00:00","og_image":[{"width":1521,"height":1034,"url":"https:\/\/menjablancdereus.com\/wp-content\/uploads\/2026\/08\/Crema-dametlles-a-Cambrils-3.png","type":"image\/png"}],"twitter_card":"summary_large_image","twitter_misc":{"Estimated reading time":"3 minutes"},"schema":{"@context":"https:\/\/schema.org","@graph":[{"@type":"WebPage","@id":"https:\/\/menjablancdereus.com\/crema-almendras-a-cambrils\/","url":"https:\/\/menjablancdereus.com\/crema-almendras-a-cambrils\/","name":"Crema de almendras en Cambrils - El Menjablanc de Reus","isPartOf":{"@id":"https:\/\/menjablancdereus.com\/#website"},"primaryImageOfPage":{"@id":"https:\/\/menjablancdereus.com\/crema-almendras-a-cambrils\/#primaryimage"},"image":{"@id":"https:\/\/menjablancdereus.com\/crema-almendras-a-cambrils\/#primaryimage"},"thumbnailUrl":"https:\/\/menjablancdereus.com\/wp-content\/uploads\/2026\/08\/Crema-dametlles-a-Cambrils-3.png","datePublished":"2026-08-22T14:01:32+00:00","dateModified":"2026-08-22T14:58:06+00:00","description":"Descobreix la crema d'ametlles a Cambrils de Menjablanc de Reus, unes postres tradicionals amb ametlla i m\u00e9s de cent anys d'hist\u00f2ria.","breadcrumb":{"@id":"https:\/\/menjablancdereus.com\/crema-almendras-a-cambrils\/#breadcrumb"},"inLanguage":"en-GB","potentialAction":[{"@type":"ReadAction","target":["https:\/\/menjablancdereus.com\/crema-almendras-a-cambrils\/"]}]},{"@type":"ImageObject","inLanguage":"en-GB","@id":"https:\/\/menjablancdereus.com\/crema-almendras-a-cambrils\/#primaryimage","url":"https:\/\/menjablancdereus.com\/wp-content\/uploads\/2026\/08\/Crema-dametlles-a-Cambrils-3.png","contentUrl":"https:\/\/menjablancdereus.com\/wp-content\/uploads\/2026\/08\/Crema-dametlles-a-Cambrils-3.png","width":1521,"height":1034,"caption":"Crema d'ametlles a Cambrils"},{"@type":"BreadcrumbList","@id":"https:\/\/menjablancdereus.com\/crema-almendras-a-cambrils\/#breadcrumb","itemListElement":[{"@type":"ListItem","position":1,"name":"Portada","item":"https:\/\/menjablancdereus.com\/"},{"@type":"ListItem","position":2,"name":"Crema de almendras en Cambrils"}]},{"@type":"WebSite","@id":"https:\/\/menjablancdereus.com\/#website","url":"https:\/\/menjablancdereus.com\/","name":"The White Meal in Reus","description":"More than 100 years of flavor","potentialAction":[{"@type":"SearchAction","target":{"@type":"EntryPoint","urlTemplate":"https:\/\/menjablancdereus.com\/?s={search_term_string}"},"query-input":{"@type":"PropertyValueSpecification","valueRequired":true,"valueName":"search_term_string"}}],"inLanguage":"en-GB"}]}},"_links":{"self":[{"href":"https:\/\/menjablancdereus.com\/eng\/wp-json\/wp\/v2\/pages\/1314","targetHints":{"allow":["GET"]}}],"collection":[{"href":"https:\/\/menjablancdereus.com\/eng\/wp-json\/wp\/v2\/pages"}],"about":[{"href":"https:\/\/menjablancdereus.com\/eng\/wp-json\/wp\/v2\/types\/page"}],"author":[{"embeddable":true,"href":"https:\/\/menjablancdereus.com\/eng\/wp-json\/wp\/v2\/users\/2"}],"replies":[{"embeddable":true,"href":"https:\/\/menjablancdereus.com\/eng\/wp-json\/wp\/v2\/comments?post=1314"}],"version-history":[{"count":2,"href":"https:\/\/menjablancdereus.com\/eng\/wp-json\/wp\/v2\/pages\/1314\/revisions"}],"predecessor-version":[{"id":1318,"href":"https:\/\/menjablancdereus.com\/eng\/wp-json\/wp\/v2\/pages\/1314\/revisions\/1318"}],"wp:featuredmedia":[{"embeddable":true,"href":"https:\/\/menjablancdereus.com\/eng\/wp-json\/wp\/v2\/media\/1306"}],"wp:attachment":[{"href":"https:\/\/menjablancdereus.com\/eng\/wp-json\/wp\/v2\/media?parent=1314"}],"curies":[{"name":"wp","href":"https:\/\/api.w.org\/{rel}","templated":true}]}}